{"id":1042,"date":"2023-03-24T10:45:57","date_gmt":"2023-03-24T08:45:57","guid":{"rendered":"http:\/\/niittykahvila.web130.webhotelli.fi\/?page_id=1042"},"modified":"2026-01-08T14:41:46","modified_gmt":"2026-01-08T12:41:46","slug":"startseite","status":"publish","type":"page","link":"https:\/\/niittykahvila.fi\/de\/","title":{"rendered":"Das Wiesencaf\u00e9 beim Stillen Volk"},"content":{"rendered":"<div class=\"slider-wrapper relative\" id=\"slider-445485401\" >\n    <div class=\"slider slider-nav-simple slider-nav-large slider-nav-light slider-style-normal slider-show-nav\"\n        data-flickity-options='{\n            \"cellAlign\": \"center\",\n            \"imagesLoaded\": true,\n            \"lazyLoad\": 1,\n            \"freeScroll\": false,\n            \"wrapAround\": true,\n            \"autoPlay\": 5000,\n            \"pauseAutoPlayOnHover\" : false,\n            \"prevNextButtons\": true,\n            \"contain\" : true,\n            \"adaptiveHeight\" : true,\n            \"dragThreshold\" : 10,\n            \"percentPosition\": true,\n            \"pageDots\": false,\n            \"rightToLeft\": false,\n            \"draggable\": false,\n            \"selectedAttraction\": 0.1,\n            \"parallax\" : 0,\n            \"friction\": 0.6        }'\n        >\n        \n\t<section class=\"section\" id=\"section_1935393798\">\n\t\t<div class=\"bg section-bg fill bg-fill bg-loaded \" >\n\n\t\t\t\n\t\t\t<div class=\"section-bg-overlay absolute fill\"><\/div>\n\t\t\t\n\n\t\t<\/div>\n\n\t\t\n\n\t\t<div class=\"section-content relative\">\n\t\t\t\n<div class=\"row\"  id=\"row-638888911\">\n\n\t<div id=\"col-1320495037\" class=\"col small-12 large-12\"  >\n\t\t\t\t<div class=\"col-inner\"  >\n\t\t\t\n\t\t\t\n\t<div id=\"text-2008912848\" class=\"text\">\n\t\t\n<h1>Ein unvergesslicher Rastplatz<\/h1>\n\t\t\n<style>\n#text-2008912848 {\n  text-align: center;\n  color: rgb(255, 255, 255);\n}\n#text-2008912848 > * {\n  color: rgb(255, 255, 255);\n}\n<\/style>\n\t<\/div>\n\t\n\t\t<\/div>\n\t\t\t\t\t<\/div>\n\n\t\n<\/div>\n\t\t<\/div>\n\n\t\t\n<style>\n#section_1935393798 {\n  padding-top: 30px;\n  padding-bottom: 30px;\n  min-height: 720px;\n}\n#section_1935393798 .section-bg-overlay {\n  background-color: rgba(0, 0, 0, 0.25);\n}\n#section_1935393798 .section-bg.bg-loaded {\n  background-image: url(https:\/\/niittykahvila.fi\/wp-content\/uploads\/Slider_1-scaled.jpg);\n}\n#section_1935393798 .section-bg {\n  background-position: 50% 100%;\n}\n#section_1935393798 .ux-shape-divider--top svg {\n  height: 150px;\n  --divider-top-width: 100%;\n}\n#section_1935393798 .ux-shape-divider--bottom svg {\n  height: 150px;\n  --divider-width: 100%;\n}\n<\/style>\n\t<\/section>\n\t\n\t<section class=\"section\" id=\"section_1133512529\">\n\t\t<div class=\"bg section-bg fill bg-fill bg-loaded \" >\n\n\t\t\t\n\t\t\t<div class=\"section-bg-overlay absolute fill\"><\/div>\n\t\t\t\n\n\t\t<\/div>\n\n\t\t\n\n\t\t<div class=\"section-content relative\">\n\t\t\t\n<div class=\"row align-center\"  id=\"row-235691737\">\n\n\t<div id=\"col-926760957\" class=\"col medium-7 small-12 large-7\"  >\n\t\t\t\t<div class=\"col-inner\"  >\n\t\t\t\n\t\t\t\n\t<div id=\"text-1089003259\" class=\"text\">\n\t\t\n<h1>Wir sind das ganze Jahr \u00fcber f\u00fcr Sie da auch Gruppen<\/h1>\n\t\t\n<style>\n#text-1089003259 {\n  text-align: center;\n  color: rgb(255, 255, 255);\n}\n#text-1089003259 > * {\n  color: rgb(255, 255, 255);\n}\n<\/style>\n\t<\/div>\n\t\n\t\t<\/div>\n\t\t\t\t\t<\/div>\n\n\t\n<\/div>\n\t\t<\/div>\n\n\t\t\n<style>\n#section_1133512529 {\n  padding-top: 30px;\n  padding-bottom: 30px;\n  min-height: 720px;\n}\n#section_1133512529 .section-bg-overlay {\n  background-color: rgba(0, 0, 0, 0.25);\n}\n#section_1133512529 .section-bg.bg-loaded {\n  background-image: url(https:\/\/niittykahvila.fi\/wp-content\/uploads\/IMG_45.png);\n}\n#section_1133512529 .section-bg {\n  background-position: 50% 75%;\n}\n#section_1133512529 .ux-shape-divider--top svg {\n  height: 150px;\n  --divider-top-width: 100%;\n}\n#section_1133512529 .ux-shape-divider--bottom svg {\n  height: 150px;\n  --divider-width: 100%;\n}\n<\/style>\n\t<\/section>\n\t\n     <\/div>\n\n     <div class=\"loading-spin dark large centered\"><\/div>\n\n     \t<\/div>\n\n\n\t<div id=\"gap-510377141\" class=\"gap-element clearfix\" style=\"display:block; height:auto;\">\n\t\t\n<style>\n#gap-510377141 {\n  padding-top: 60px;\n}\n<\/style>\n\t<\/div>\n\t\n<div class=\"row align-center\"  id=\"row-2120526198\">\n\n\t<div id=\"col-1728968878\" class=\"col medium-7 small-12 large-7\"  >\n\t\t\t\t<div class=\"col-inner text-center\"  >\n\t\t\t\n\t\t\t\n\t<div id=\"text-3234351367\" class=\"text\">\n\t\t\n<h2 class=\"alt-font\">Herzlich Willkommen<\/h2>\n\t\t\n<style>\n#text-3234351367 {\n  color: rgb(204, 153, 102);\n}\n#text-3234351367 > * {\n  color: rgb(204, 153, 102);\n}\n<\/style>\n\t<\/div>\n\t\n<h1>im Wiesencaf\u00e9<\/h1>\n<p>Das Wiesencaf\u00e9 beim Stillen Volk bietet Reisenden auf der Fernstra\u00dfe 5 (E63) ein unvergessliches Erlebnis. Wenn Sie zwischen Suomussalmi und Kuusamo der Wunsch nach einem kr\u00e4ftigen Kaffee \u00fcberkommt, dann m\u00fcssen Sie unseren frisch am Lagerfeuer gebr\u00fchten Kaffee aus der Kanne und dazu einen leckeren, in echter Butter gebackenen Lettu-Pfannkuchen probieren. Danach k\u00f6nnen Sie zufrieden in unserer Scheune in weiches Heu sinken und sich ausruhen. In unsere barrierefreien Gesch\u00e4ftsr\u00e4ume ist es einfach zu kommen.<\/p>\n<p>Wir sind das ganze Jahr \u00fcber f\u00fcr Sie da. Ein unvergesslicher Rastplatz.<\/p>\n<p>\u00a0<\/p>\n\t<div class=\"img has-hover x md-x lg-x y md-y lg-y\" id=\"image_366731333\">\n\t\t\t\t\t\t\t\t<div class=\"img-inner dark\" >\n\t\t\t<img loading=\"lazy\" decoding=\"async\" width=\"2560\" height=\"1920\" src=\"https:\/\/niittykahvila.fi\/wp-content\/uploads\/Hiljainen-Kansa2_Sanna-Kalmari-nettisivu-scaled.jpg\" class=\"attachment-medium size-medium\" alt=\"\" srcset=\"https:\/\/niittykahvila.fi\/wp-content\/uploads\/Hiljainen-Kansa2_Sanna-Kalmari-nettisivu-scaled.jpg 2560w, https:\/\/niittykahvila.fi\/wp-content\/uploads\/Hiljainen-Kansa2_Sanna-Kalmari-nettisivu-768x576.jpg 768w, https:\/\/niittykahvila.fi\/wp-content\/uploads\/Hiljainen-Kansa2_Sanna-Kalmari-nettisivu-1536x1152.jpg 1536w, https:\/\/niittykahvila.fi\/wp-content\/uploads\/Hiljainen-Kansa2_Sanna-Kalmari-nettisivu-2048x1536.jpg 2048w\" sizes=\"auto, (max-width: 2560px) 100vw, 2560px\" \/>\t\t\t\t\t\t\n\t\t\t\t\t<\/div>\n\t\t\t\t\t\t\t\t\n<style>\n#image_366731333 {\n  width: 100%;\n}\n<\/style>\n\t<\/div>\n\t\n\t\t<\/div>\n\t\t\t\t\t<\/div>\n\n\t\n<\/div>\n<div class=\"row\" style=\"max-width:1280px\" id=\"row-2036514166\">\n\n\t<div id=\"col-276118787\" class=\"col medium-4 small-12 large-4\"  >\n\t\t\t\t<div class=\"col-inner\"  >\n\t\t\t\n\t\t\t\n\t<div class=\"img has-hover x md-x lg-x y md-y lg-y\" id=\"image_1066512805\">\n\t\t<a class=\"\" href=\"http:\/\/niittykahvila.fi\/de\/wiesencafe\/\"  >\t\t\t\t\t\t<div class=\"img-inner dark\" >\n\t\t\t<img loading=\"lazy\" decoding=\"async\" width=\"370\" height=\"248\" src=\"https:\/\/niittykahvila.fi\/wp-content\/uploads\/IMG_1.png\" class=\"attachment-original size-original\" alt=\"\" \/>\t\t\t\t\t\t\n\t\t\t\t\t<\/div>\n\t\t\t\t\t\t<\/a>\t\t\n<style>\n#image_1066512805 {\n  width: 100%;\n}\n<\/style>\n\t<\/div>\n\t\n\t<div id=\"text-158729693\" class=\"text\">\n\t\t\n<h4><span style=\"color: #000000;\"><a style=\"color: #000000;\" href=\"http:\/\/niittykahvila.fi\/de\/wiesencafe\/\">Niittykahvila &#8211; Das Wiesencaf\u00e9<\/a><\/span><\/h4>\n<p><span style=\"color: #a5a5a5;\"><a style=\"color: #a5a5a5;\" href=\"http:\/\/niittykahvila.fi\/de\/wiesencafe\/\">Sie finden das Stille Volk und unser Wiesencaf\u00e9 am Rand der alten Heuwiese, dort, wo die Kleider der wundersamen Torfk\u00f6pfe im Wind flattern und der verlockende Duft von Lagerfeuer, Pfannkuchen und frischem Kaffee zu einer Pause einladen.<\/a><\/span><br \/>\n\t\t\n<style>\n#text-158729693 {\n  text-align: center;\n}\n<\/style>\n\t<\/div>\n\t\n\t\t<\/div>\n\t\t\t\t\t<\/div>\n\n\t\n\n\t<div id=\"col-1843354431\" class=\"col medium-4 small-12 large-4\"  >\n\t\t\t\t<div class=\"col-inner\"  >\n\t\t\t\n\t\t\t\n\t<div class=\"img has-hover x md-x lg-x y md-y lg-y\" id=\"image_354283035\">\n\t\t<a class=\"\" href=\"http:\/\/niittykahvila.fi\/de\/wiesenhuette-restaurant\/\"  >\t\t\t\t\t\t<div class=\"img-inner image-cover dark\" style=\"padding-top:67%;\">\n\t\t\t<img loading=\"lazy\" decoding=\"async\" width=\"960\" height=\"720\" src=\"https:\/\/niittykahvila.fi\/wp-content\/uploads\/yo-pirtti.jpg\" class=\"attachment-original size-original\" alt=\"\" srcset=\"https:\/\/niittykahvila.fi\/wp-content\/uploads\/yo-pirtti.jpg 960w, https:\/\/niittykahvila.fi\/wp-content\/uploads\/yo-pirtti-768x576.jpg 768w\" sizes=\"auto, (max-width: 960px) 100vw, 960px\" \/>\t\t\t\t\t\t\n\t\t\t\t\t<\/div>\n\t\t\t\t\t\t<\/a>\t\t\n<style>\n#image_354283035 {\n  width: 100%;\n}\n<\/style>\n\t<\/div>\n\t\n\t<div id=\"text-1315748367\" class=\"text\">\n\t\t\n<h4><span style=\"color: #000000;\"><a style=\"color: #000000;\" href=\"http:\/\/niittykahvila.fi\/de\/wiesenhuette-restaurant\/\">Niittytupa &#8211; Wiesenh\u00fctte<\/a><\/span><\/h4>\n<p><span style=\"color: #a5a5a5;\"><a style=\"color: #a5a5a5;\" href=\"http:\/\/niittykahvila.fi\/de\/wiesenhuette-restaurant\/\">Das Angebot im Wiesencaf\u00e9 neben dem Stillen Volk ist jetzt noch vielf\u00e4ltiger und dank der neuen Kaffeestube bewirten wir Sie bei jedem Wetter!<\/a><\/span><br \/>\n\t\t\n<style>\n#text-1315748367 {\n  text-align: center;\n}\n<\/style>\n\t<\/div>\n\t\n\t\t<\/div>\n\t\t\t\t\t<\/div>\n\n\t\n\n\t<div id=\"col-721521879\" class=\"col medium-4 small-12 large-4\"  >\n\t\t\t\t<div class=\"col-inner\"  >\n\t\t\t\n\t\t\t\n\t<div class=\"img has-hover x md-x lg-x y md-y lg-y\" id=\"image_1716112164\">\n\t\t<a class=\"\" href=\"http:\/\/niittykahvila.fi\/de\/stille-volk\/\"  >\t\t\t\t\t\t<div class=\"img-inner dark\" >\n\t\t\t<img loading=\"lazy\" decoding=\"async\" width=\"370\" height=\"248\" src=\"https:\/\/niittykahvila.fi\/wp-content\/uploads\/IMG_3.png\" class=\"attachment-original size-original\" alt=\"\" \/>\t\t\t\t\t\t\n\t\t\t\t\t<\/div>\n\t\t\t\t\t\t<\/a>\t\t\n<style>\n#image_1716112164 {\n  width: 100%;\n}\n<\/style>\n\t<\/div>\n\t\n\t<div id=\"text-3024338623\" class=\"text\">\n\t\t\n<h4><span style=\"color: #000000;\"><a style=\"color: #000000;\" href=\"http:\/\/niittykahvila.fi\/de\/stille-volk\/\">Das Stille Volk<\/a><\/span><\/h4>\n<p><span style=\"color: #a5a5a5;\"><a style=\"color: #a5a5a5;\" href=\"http:\/\/niittykahvila.fi\/de\/stille-volk\/\">Ganz pl\u00f6tzlich taucht im Augenwinkel der vorbeifahrenden Reisenden die fast tausendk\u00f6pfige Schar des sog. Stillen Volkes am Wegesrand auf. Die von Reijo Kela geschaffene Installation \u201eHiljainen Kansa\u201c (Stilles Volk) befindet sich 30 km n\u00f6rdlich von Suomussalmi.<\/a><\/span><br \/>\n\t\t\n<style>\n#text-3024338623 {\n  text-align: center;\n}\n<\/style>\n\t<\/div>\n\t\n\t\t<\/div>\n\t\t\t\t\t<\/div>\n\n\t\n<\/div>\n\t<div id=\"gap-863321842\" class=\"gap-element clearfix\" style=\"display:block; height:auto;\">\n\t\t\n<style>\n#gap-863321842 {\n  padding-top: 15px;\n}\n<\/style>\n\t<\/div>\n\t\n\t<section class=\"section dark\" id=\"section_1506168224\">\n\t\t<div class=\"bg section-bg fill bg-fill bg-loaded \" >\n\n\t\t\t\n\t\t\t\n\t\t\t\n\n\t\t<\/div>\n\n\t\t\n\n\t\t<div class=\"section-content relative\">\n\t\t\t\n<div class=\"row align-center\"  id=\"row-1446159684\">\n\n\t<div id=\"col-120472235\" class=\"col medium-8 small-12 large-8\"  >\n\t\t\t\t<div class=\"col-inner text-center\"  >\n\t\t\t\n\t\t\t\n\t<div id=\"text-91079974\" class=\"text\">\n\t\t\n<p><img decoding=\"async\" src=\"http:\/\/niittykahvila.fi\/wp-content\/uploads\/Icon_1.png\" \/><br \/>\n\t\t\n<style>\n#text-91079974 {\n  text-align: center;\n}\n<\/style>\n\t<\/div>\n\t\n\t<div id=\"gap-1965363226\" class=\"gap-element clearfix\" style=\"display:block; height:auto;\">\n\t\t\n<style>\n#gap-1965363226 {\n  padding-top: 30px;\n}\n<\/style>\n\t<\/div>\n\t\n\t<div id=\"text-2795299220\" class=\"text\">\n\t\t\n<h3 class=\"alt-font\">Ritva Huttunen betrachtete das Stille Volk und die vor \u00dcberraschung \u00fcber diese Erscheinung abbremsenden Autofahrer auf der Fernstra\u00dfe 5<\/h3>\n\t\t\n<style>\n#text-2795299220 {\n  color: rgb(255, 255, 255);\n}\n#text-2795299220 > * {\n  color: rgb(255, 255, 255);\n}\n<\/style>\n\t<\/div>\n\t\n\t<div id=\"gap-787774550\" class=\"gap-element clearfix\" style=\"display:block; height:auto;\">\n\t\t\n<style>\n#gap-787774550 {\n  padding-top: 15px;\n}\n<\/style>\n\t<\/div>\n\t\n<a href=\"#die-geschichte-unseres-cafes\" target=\"_self\" class=\"button primary is-underline\"  >\n    <span>DIE GESCHICHTE DES WIESENCAF\u00c9S NIITTYKAHVILA<\/span>\n  <\/a>\n\n\t\t<\/div>\n\t\t\t\t\n<style>\n#col-120472235 > .col-inner {\n  margin: 0px 0px -45px 0px;\n}\n<\/style>\n\t<\/div>\n\n\t\n<\/div>\n\t\t<\/div>\n\n\t\t\n<style>\n#section_1506168224 {\n  padding-top: 30px;\n  padding-bottom: 30px;\n  min-height: 600px;\n}\n#section_1506168224 .section-bg.bg-loaded {\n  background-image: url(https:\/\/niittykahvila.fi\/wp-content\/uploads\/Tausta_1.png);\n}\n#section_1506168224 .section-bg {\n  background-position: 50% 0%;\n}\n#section_1506168224 .ux-shape-divider--top svg {\n  height: 150px;\n  --divider-top-width: 100%;\n}\n#section_1506168224 .ux-shape-divider--bottom svg {\n  height: 150px;\n  --divider-width: 100%;\n}\n<\/style>\n\t<\/section>\n\t\n\t<div id=\"gap-607046571\" class=\"gap-element clearfix\" style=\"display:block; height:auto;\">\n\t\t\n<style>\n#gap-607046571 {\n  padding-top: 60px;\n}\n<\/style>\n\t<\/div>\n\t\n<div class=\"row align-center\"  id=\"row-1651744675\">\n\n\t<div id=\"col-94177630\" class=\"col medium-10 small-12 large-10\"  >\n\t\t\t\t<div class=\"col-inner text-center\"  >\n\t\t\t\n\t\t\t\n\t<div id=\"text-2514480915\" class=\"text\">\n\t\t\n<h2 class=\"alt-font\">Erlebnisse<\/h2>\n\t\t\n<style>\n#text-2514480915 {\n  color: #cc9966;\n}\n#text-2514480915 > * {\n  color: #cc9966;\n}\n<\/style>\n\t<\/div>\n\t\n\t<div id=\"gap-244525453\" class=\"gap-element clearfix\" style=\"display:block; height:auto;\">\n\t\t\n<style>\n#gap-244525453 {\n  padding-top: 15px;\n}\n<\/style>\n\t<\/div>\n\t\n<div class=\"slider-wrapper relative\" id=\"slider-1310167550\" >\n    <div class=\"slider slider-nav-dots-simple slider-nav-simple slider-nav-large slider-nav-dark slider-style-normal slider-show-nav\"\n        data-flickity-options='{\n            \"cellAlign\": \"center\",\n            \"imagesLoaded\": true,\n            \"lazyLoad\": 1,\n            \"freeScroll\": false,\n            \"wrapAround\": true,\n            \"autoPlay\": 5000,\n            \"pauseAutoPlayOnHover\" : false,\n            \"prevNextButtons\": false,\n            \"contain\" : true,\n            \"adaptiveHeight\" : true,\n            \"dragThreshold\" : 10,\n            \"percentPosition\": true,\n            \"pageDots\": true,\n            \"rightToLeft\": false,\n            \"draggable\": true,\n            \"selectedAttraction\": 0.1,\n            \"parallax\" : 0,\n            \"friction\": 0.6        }'\n        >\n        \n<div class=\"row align-center\"  id=\"row-1218028003\">\n\n\t<div id=\"col-878757237\" class=\"col medium-12 small-12 large-11\"  >\n\t\t\t\t<div class=\"col-inner\"  >\n\t\t\t\n\t\t\t\n<p><span style=\"font-size: 125%;\"><em>\u201dIch war vorher noch nie in der Natur von Kainuu und kannte auch das Stille Volk nicht, aber jetzt habe ich das Gef\u00fchl, dass mich dieses Erlebnis ver\u00e4ndert hat. Die Natur war so unglaublich sch\u00f6n, und das auf ganz eigene Weise.\u201d<\/em><\/span><\/p>\n\t\t<\/div>\n\t\t\t\t\t<\/div>\n\n\t\n<\/div>\n<div class=\"row align-center\"  id=\"row-667655558\">\n\n\t<div id=\"col-1322695791\" class=\"col medium-12 small-12 large-9\"  >\n\t\t\t\t<div class=\"col-inner\"  >\n\t\t\t\n\t\t\t\n<p><span style=\"font-size: 125%;\"><em>\u201dEin wunderbarer Ort zum Ausruhen. Am Lagerfeuer gekochter Kaffee und gro\u00dfe Cr\u00e8pePfannkuchen mit Himbeermarmelade oder mit einer Rentierschinkenf\u00fcllung sind die Kr\u00f6nung des Tages!\u201d<\/em><\/span><\/p>\n\t\t<\/div>\n\t\t\t\t\t<\/div>\n\n\t\n<\/div>\n<div class=\"row align-center\"  id=\"row-946906924\">\n\n\t<div id=\"col-1067284750\" class=\"col medium-12 small-12 large-12\"  >\n\t\t\t\t<div class=\"col-inner\"  >\n\t\t\t\n\t\t\t\n<p><span style=\"font-size: 125%;\"><em>\u201dVon der schmackhaften Lachssuppe kann man gar nicht genug bekommen, und die Pfannkuchen zergehen einem auf der Zunge. Und was f\u00fcr eine wundervolle Atmosph\u00e4re! Hier sollte man unbedingt auf die Bremse treten, um sich dieses Geschmackserlebnis nicht entgehen lassen!\u201d<\/em><\/span><\/p>\n\t\t<\/div>\n\t\t\t\t\t<\/div>\n\n\t\n<\/div>\n<div class=\"row align-center\"  id=\"row-1758963523\">\n\n\t<div id=\"col-936130014\" class=\"col medium-12 small-12 large-9\"  >\n\t\t\t\t<div class=\"col-inner\"  >\n\t\t\t\n\t\t\t\n<p><span style=\"font-size: 125%;\"><em>\u201dGem\u00fctlich und voller Atmosph\u00e4re. Es war toll, als bei unserem Abschied alles in blaue D\u00e4mmerlicht getaucht war und das Stille Volk beleuchtet wu .\u201d<\/em><\/span><\/p>\n\t\t<\/div>\n\t\t\t\t\t<\/div>\n\n\t\n<\/div>\n     <\/div>\n\n     <div class=\"loading-spin dark large centered\"><\/div>\n\n     \t<\/div>\n\n\n\t\t<\/div>\n\t\t\t\t\t<\/div>\n\n\t\n<\/div>\n<div class=\"row align-center\"  id=\"row-1191181708\">\n\n\t<div id=\"col-855218849\" class=\"col medium-4 small-12 large-4\"  >\n\t\t\t\t<div class=\"col-inner text-center\"  >\n\t\t\t\n\t\t\t\n\t<div id=\"text-959161505\" class=\"text\">\n\t\t\n<h2 class=\"alt-font\">Unsere \u00d6ffnungszeiten 2026<\/h2>\n\t\t\n<style>\n#text-959161505 {\n  color: #cc9966;\n}\n#text-959161505 > * {\n  color: #cc9966;\n}\n<\/style>\n\t<\/div>\n\t\n\t<div id=\"gap-2146479747\" class=\"gap-element clearfix\" style=\"display:block; height:auto;\">\n\t\t\n<style>\n#gap-2146479747 {\n  padding-top: 15px;\n}\n<\/style>\n\t<\/div>\n\t\n\t<div id=\"text-1943669699\" class=\"text\">\n\t\t\n<p><strong><span style=\"font-size: 18px;\">\u00a0 3.6. &#8211; 21.9.\u00a0 10 &#8211; 17 Uhr<\/span><\/strong>\u00a0<\/p>\n\t\t\n<style>\n#text-1943669699 {\n  color: rgb(34, 34, 34);\n}\n#text-1943669699 > * {\n  color: rgb(34, 34, 34);\n}\n<\/style>\n\t<\/div>\n\t\n\t<div id=\"gap-990376001\" class=\"gap-element clearfix\" style=\"display:block; height:auto;\">\n\t\t\n<style>\n#gap-990376001 {\n  padding-top: 15px;\n}\n<\/style>\n\t<\/div>\n\t\n<p>Mitten in der Natur deckt die Tochter der L\u00fcfte \u201eLuonnotar\u201c t\u00e4glich ihren Mittagstisch im Sommer 2026 vom 18.6. \u2013 9.8. von 12-16 Uhr. Auch Gruppen sind mit Voranmeldung herzlich willkommen!<\/p>\n<p>Wir bedienen Gruppen das ganze Jahr \u00fcber.<\/p>\n\t<div id=\"gap-95236414\" class=\"gap-element clearfix\" style=\"display:block; height:auto;\">\n\t\t\n<style>\n#gap-95236414 {\n  padding-top: 15px;\n}\n<\/style>\n\t<\/div>\n\t\n\t<div id=\"text-3326222081\" class=\"text\">\n\t\t\n<p><strong><span style=\"font-size: 18px;\">Viitostie 547<\/span><\/strong><br \/>\n<strong><span style=\"font-size: 18px;\">89600, Suomussalmi<\/span><\/strong><\/p>\n<p><strong><span style=\"font-size: 18px;\">Soita <a href=\"tel:050 362 0609\">050 362 0609<\/a><\/span><\/strong><br \/>\n\t\t\n<style>\n#text-3326222081 {\n  color: rgb(34, 34, 34);\n}\n#text-3326222081 > * {\n  color: rgb(34, 34, 34);\n}\n<\/style>\n\t<\/div>\n\t\n\t<div id=\"gap-2047000708\" class=\"gap-element clearfix\" style=\"display:block; height:auto;\">\n\t\t\n<style>\n#gap-2047000708 {\n  padding-top: 15px;\n}\n<\/style>\n\t<\/div>\n\t\n<a href=\"http:\/\/niittykahvila.fi\/de\/kontaktinformationen\/\" target=\"_self\" class=\"button primary\"  >\n    <span>Fordern Sie ein Angebot f\u00fcr Ihre Gruppe an<\/span>\n  <\/a>\n\n\t\t<\/div>\n\t\t\t\t\t<\/div>\n\n\t\n<\/div>\n\t<div id=\"gap-1043633242\" class=\"gap-element clearfix\" style=\"display:block; height:auto;\">\n\t\t\n<style>\n#gap-1043633242 {\n  padding-top: 15px;\n}\n<\/style>\n\t<\/div>\n\t\n<div class=\"row\"  id=\"row-585286072\">\n\n\t<div id=\"col-1432531065\" class=\"col small-12 large-12\"  >\n\t\t\t\t<div class=\"col-inner\"  >\n\t\t\t\n\t\t\t\n<div class=\"row\"  id=\"row-910750267\">\n\n\t<div id=\"col-128020749\" class=\"col small-12 large-12\"  >\n\t\t\t\t<div class=\"col-inner text-center\"  >\n\t\t\t\n\t\t\t\n<div class=\"ux-logo has-hover align-middle ux_logo inline-block\" style=\"max-width: 100%!important; width: 69.68253968254px!important\"><a class=\"ux-logo-link block image-\" title=\"\"  href=\"https:\/\/greenkey.fi\/en\/\" style=\"padding: 15px;\"><img decoding=\"async\" src=\"https:\/\/niittykahvila.fi\/wp-content\/uploads\/varillinen-valkoiselle-taustalle-GK-logo.jpg\" title=\"\" alt=\"\" class=\"ux-logo-image block\" style=\"height:50px;\" \/><\/a><\/div>\n<div class=\"ux-logo has-hover align-middle ux_logo inline-block\" style=\"max-width: 100%!important; width: 206px!important\"><div class=\"ux-logo-link block image-\" title=\"\"  href=\"\" style=\"padding: 15px;\"><img decoding=\"async\" src=\"https:\/\/niittykahvila.fi\/wp-content\/uploads\/Partner_1.png\" title=\"\" alt=\"\" class=\"ux-logo-image block\" style=\"height:58px;\" \/><\/div><\/div>\n<div class=\"ux-logo has-hover align-middle ux_logo inline-block\" style=\"max-width: 100%!important; width: 119px!important\"><div class=\"ux-logo-link block image-\" title=\"\"  href=\"\" style=\"padding: 15px;\"><img decoding=\"async\" src=\"https:\/\/niittykahvila.fi\/wp-content\/uploads\/Partner_2.png\" title=\"\" alt=\"\" class=\"ux-logo-image block\" style=\"height:57px;\" \/><\/div><\/div>\n<div class=\"ux-logo has-hover align-middle ux_logo inline-block\" style=\"max-width: 100%!important; width: 151px!important\"><div class=\"ux-logo-link block image-\" title=\"\"  href=\"\" style=\"padding: 15px;\"><img decoding=\"async\" src=\"https:\/\/niittykahvila.fi\/wp-content\/uploads\/Partner_3.png\" title=\"\" alt=\"\" class=\"ux-logo-image block\" style=\"height:57px;\" \/><\/div><\/div>\n<div class=\"ux-logo has-hover align-middle ux_logo inline-block\" style=\"max-width: 100%!important; width: 168px!important\"><div class=\"ux-logo-link block image-\" title=\"\"  href=\"\" style=\"padding: 15px;\"><img decoding=\"async\" src=\"https:\/\/niittykahvila.fi\/wp-content\/uploads\/Partner_4.png\" title=\"\" alt=\"\" class=\"ux-logo-image block\" style=\"height:57px;\" \/><\/div><\/div>\n<div class=\"ux-logo has-hover align-middle ux_logo inline-block\" style=\"max-width: 100%!important; width: 87px!important\"><div class=\"ux-logo-link block image-\" title=\"\"  href=\"\" style=\"padding: 15px;\"><img decoding=\"async\" src=\"https:\/\/niittykahvila.fi\/wp-content\/uploads\/Partner_5.png\" title=\"\" alt=\"\" class=\"ux-logo-image block\" style=\"height:58px;\" \/><\/div><\/div>\n<div class=\"ux-logo has-hover align-middle ux_logo inline-block\" style=\"max-width: 100%!important; width: 87px!important\"><div class=\"ux-logo-link block image-\" title=\"\"  href=\"\" style=\"padding: 15px;\"><img decoding=\"async\" src=\"https:\/\/niittykahvila.fi\/wp-content\/uploads\/Partner_6.png\" title=\"\" alt=\"\" class=\"ux-logo-image block\" style=\"height:57px;\" \/><\/div><\/div>\n<div class=\"ux-logo has-hover align-middle ux_logo inline-block\" style=\"max-width: 100%!important; width: 82.781479013991px!important\"><div class=\"ux-logo-link block image-\" title=\"\"  href=\"\" style=\"padding: 15px;\"><img decoding=\"async\" src=\"https:\/\/niittykahvila.fi\/wp-content\/uploads\/BIKELAND_welcome_cyclist.png\" title=\"\" alt=\"\" class=\"ux-logo-image block\" style=\"height:50px;\" \/><\/div><\/div>\n\t\t<\/div>\n\t\t\t\t\t<\/div>\n\n\t\n<\/div>\n\t\t<\/div>\n\t\t\t\t\t<\/div>\n\n\t\n<\/div>\n\t<div id=\"die-geschichte-unseres-cafes\"\n\t     class=\"lightbox-by-id lightbox-content mfp-hide lightbox-white \"\n\t     style=\"max-width:660px ;padding:30px\">\n\t\t\n\n\n<style>\r\n.mfp-close {\r\ndisplay:none;\r\n}\r\n<\/style>\n\n<div class=\"row\"  id=\"row-2086741385\">\n\n\n\t<div id=\"col-1466852711\" class=\"col small-12 large-12\"  >\n\t\t\t\t<div class=\"col-inner text-center\"  >\n\t\t\t\n\t\t\t\n\n\t<div id=\"text-1014432468\" class=\"text\">\n\t\t\n\n<h1 class=\"alt-font\">Die geschichte unseres caf\u00e9s<\/h1>\n\t\t\n<style>\n#text-1014432468 {\n  color: #cc9966;\n}\n#text-1014432468 > * {\n  color: #cc9966;\n}\n<\/style>\n\t<\/div>\n\t\n<p>Alles fing damit an, dass <span style=\"color: #666666;\"><strong>Ritva Huttunen<\/strong><\/span> auffiel, wie viele Autofahrer beim Anblick des Stillen Volkes innehielten. Kein Wunder \u2013 <span style=\"color: #666666;\"><strong>Reijo Kelas<\/strong><\/span> Freiluftinstallation ist ein Blickfang, der seinesgleichen sucht.<\/p>\n<p>Um den Bewunderern des Kunstwerks eine kleine St\u00e4rkung zu bieten, baute Ritva am Feldrand einen Zeltunterstand auf, entfachte ein Lagerfeuer und begr\u00fc\u00dfte die ersten G\u00e4ste mit Kaffee und Keksen.<\/p>\n<p>Seither l\u00e4dt der aufsteigende Rauch zum Verweilen ein, und die Popularit\u00e4t des Wiesencaf\u00e9s steigt von Jahr zu Jahr. Mit den Besucherzahlen wuchs auch das Caf\u00e9.<\/p>\n\t<div id=\"gap-129116045\" class=\"gap-element clearfix\" style=\"display:block; height:auto;\">\n\t\t\n<style>\n#gap-129116045 {\n  padding-top: 15px;\n}\n<\/style>\n\t<\/div>\n\t\n\n\t<div class=\"img has-hover x md-x lg-x y md-y lg-y\" id=\"image_370804459\">\n\t\t\t\t\t\t\t\t<div class=\"img-inner dark\" >\n\t\t\t<img loading=\"lazy\" decoding=\"async\" width=\"481\" height=\"318\" src=\"https:\/\/niittykahvila.fi\/wp-content\/uploads\/IMG_4.png\" class=\"attachment-original size-original\" alt=\"\" \/>\t\t\t\t\t\t\n\t\t\t\t\t<\/div>\n\t\t\t\t\t\t\t\t\n<style>\n#image_370804459 {\n  width: 100%;\n}\n<\/style>\n\t<\/div>\n\t\n\n\t<div id=\"gap-1315825456\" class=\"gap-element clearfix\" style=\"display:block; height:auto;\">\n\t\t\n<style>\n#gap-1315825456 {\n  padding-top: 15px;\n}\n<\/style>\n\t<\/div>\n\t\n\n<p>Einer der alten Heuschober wurde zur urigen Unterkunft f\u00fcr \u00dcbernachtungsg\u00e4ste, der daneben zu einem kleinen L\u00e4dchen.<\/p>\n<p>Ber\u00fchmt geworden sind auch die Pfannkuchen, die \u2013 ebenso wie der Kaffee \u2013 in traditioneller Weise \u00fcber dem offenen Feuer zubereitet werden. Bei der Bewirtschaftung gehen Ritva Huttunen junge Leute aus der Region zur Hand.<\/p>\n<p>Das Wiesencaf\u00e9 ist eine Naturoase mit internationalem Flair und heimatverbundenen Leckereien von zeitloser K\u00f6stlichkeit.<\/p>\n\t<div id=\"gap-173391354\" class=\"gap-element clearfix\" style=\"display:block; height:auto;\">\n\t\t\n<style>\n#gap-173391354 {\n  padding-top: 15px;\n}\n<\/style>\n\t<\/div>\n\t\n\n<a class=\"button primary mfp-close-custom\"  >\n    <span>Schlie\u00dfe das Fenster<\/span>\n  <\/a>\n\n\n\n\t\t<\/div>\n\t\t\t\t\n<style>\n#col-1466852711 > .col-inner {\n  margin: 0px 0px -30px 0px;\n}\n<\/style>\n\t<\/div>\n\n\t\n\n<\/div>\n\t<\/div>\n\t\n\t\n","protected":false},"excerpt":{"rendered":"","protected":false},"author":1,"featured_media":0,"parent":0,"menu_order":0,"comment_status":"closed","ping_status":"closed","template":"page-blank.php","meta":{"footnotes":""},"class_list":["post-1042","page","type-page","status-publish","hentry"],"yoast_head":"<!-- This site is optimized with the Yoast SEO Premium plugin v20.6 (Yoast SEO v25.9) - https:\/\/yoast.com\/wordpress\/plugins\/seo\/ -->\n<title>Das Wiesencaf\u00e9 beim Stillen Volk<\/title>\n<meta name=\"description\" content=\"Willkommen im Wiesencaf\u00e9 beim Stillen Volk! Wiesencaf\u00e9 bietet Reisenden auf der Fernstra\u00dfe 5 (E63) ein unvergessliches Erlebnis.\" \/>\n<meta name=\"robots\" content=\"index, follow, max-snippet:-1, max-image-preview:large, max-video-preview:-1\" \/>\n<link rel=\"canonical\" href=\"https:\/\/niittykahvila.fi\/de\/\" \/>\n<meta property=\"og:locale\" content=\"de_DE\" \/>\n<meta property=\"og:type\" content=\"article\" \/>\n<meta property=\"og:title\" content=\"Das Wiesencaf\u00e9 beim Stillen Volk &#8211; Hiljaisen Kansan Niittykahvila\" \/>\n<meta property=\"og:description\" content=\"Willkommen im Wiesencaf\u00e9 beim Stillen Volk! Wiesencaf\u00e9 bietet Reisenden auf der Fernstra\u00dfe 5 (E63) ein unvergessliches Erlebnis.\" \/>\n<meta property=\"og:url\" content=\"https:\/\/niittykahvila.fi\/de\/\" \/>\n<meta property=\"og:site_name\" content=\"Hiljaisen Kansan Niittykahvila\" \/>\n<meta property=\"article:publisher\" content=\"https:\/\/facebook.com\/fbHiljainenKansa\/\" \/>\n<meta property=\"article:modified_time\" content=\"2026-01-08T12:41:46+00:00\" \/>\n<meta property=\"og:image\" content=\"http:\/\/niittykahvila.fi\/wp-content\/uploads\/Icon_1.png\" \/>\n<meta name=\"twitter:card\" content=\"summary_large_image\" \/>\n<meta name=\"twitter:label1\" content=\"Gesch\u00e4tzte Lesezeit\" \/>\n\t<meta name=\"twitter:data1\" content=\"5\u00a0Minuten\" \/>\n<script type=\"application\/ld+json\" class=\"yoast-schema-graph\">{\"@context\":\"https:\/\/schema.org\",\"@graph\":[{\"@type\":\"WebPage\",\"@id\":\"https:\/\/niittykahvila.fi\/de\/\",\"url\":\"https:\/\/niittykahvila.fi\/de\/\",\"name\":\"Das Wiesencaf\u00e9 beim Stillen Volk\",\"isPartOf\":{\"@id\":\"https:\/\/niittykahvila.fi\/de\/#website\"},\"primaryImageOfPage\":{\"@id\":\"https:\/\/niittykahvila.fi\/de\/#primaryimage\"},\"image\":{\"@id\":\"https:\/\/niittykahvila.fi\/de\/#primaryimage\"},\"thumbnailUrl\":\"http:\/\/niittykahvila.fi\/wp-content\/uploads\/Icon_1.png\",\"datePublished\":\"2023-03-24T08:45:57+00:00\",\"dateModified\":\"2026-01-08T12:41:46+00:00\",\"description\":\"Willkommen im Wiesencaf\u00e9 beim Stillen Volk! Wiesencaf\u00e9 bietet Reisenden auf der Fernstra\u00dfe 5 (E63) ein unvergessliches Erlebnis.\",\"breadcrumb\":{\"@id\":\"https:\/\/niittykahvila.fi\/de\/#breadcrumb\"},\"inLanguage\":\"de\",\"potentialAction\":[{\"@type\":\"ReadAction\",\"target\":[\"https:\/\/niittykahvila.fi\/de\/\"]}]},{\"@type\":\"ImageObject\",\"inLanguage\":\"de\",\"@id\":\"https:\/\/niittykahvila.fi\/de\/#primaryimage\",\"url\":\"http:\/\/niittykahvila.fi\/wp-content\/uploads\/Icon_1.png\",\"contentUrl\":\"http:\/\/niittykahvila.fi\/wp-content\/uploads\/Icon_1.png\"},{\"@type\":\"BreadcrumbList\",\"@id\":\"https:\/\/niittykahvila.fi\/de\/#breadcrumb\",\"itemListElement\":[{\"@type\":\"ListItem\",\"position\":1,\"name\":\"Hiljaisen Kansan Niittykahvila\",\"item\":\"https:\/\/niittykahvila.fi\/de\/\"},{\"@type\":\"ListItem\",\"position\":2,\"name\":\"Das Wiesencaf\u00e9 beim Stillen Volk\"}]},{\"@type\":\"WebSite\",\"@id\":\"https:\/\/niittykahvila.fi\/de\/#website\",\"url\":\"https:\/\/niittykahvila.fi\/de\/\",\"name\":\"Hiljaisen Kansan Niittykahvila\",\"description\":\"\",\"publisher\":{\"@id\":\"https:\/\/niittykahvila.fi\/de\/#organization\"},\"alternateName\":\"The Silent People\",\"potentialAction\":[{\"@type\":\"SearchAction\",\"target\":{\"@type\":\"EntryPoint\",\"urlTemplate\":\"https:\/\/niittykahvila.fi\/de\/?s={search_term_string}\"},\"query-input\":{\"@type\":\"PropertyValueSpecification\",\"valueRequired\":true,\"valueName\":\"search_term_string\"}}],\"inLanguage\":\"de\"},{\"@type\":\"Organization\",\"@id\":\"https:\/\/niittykahvila.fi\/de\/#organization\",\"name\":\"Hiljaisen Kansan Niittykahvila\",\"alternateName\":\"The Silent People\",\"url\":\"https:\/\/niittykahvila.fi\/de\/\",\"logo\":{\"@type\":\"ImageObject\",\"inLanguage\":\"de\",\"@id\":\"https:\/\/niittykahvila.fi\/de\/#\/schema\/logo\/image\/\",\"url\":\"https:\/\/niittykahvila.fi\/wp-content\/uploads\/Niittykahvila.png\",\"contentUrl\":\"https:\/\/niittykahvila.fi\/wp-content\/uploads\/Niittykahvila.png\",\"width\":280,\"height\":112,\"caption\":\"Hiljaisen Kansan Niittykahvila\"},\"image\":{\"@id\":\"https:\/\/niittykahvila.fi\/de\/#\/schema\/logo\/image\/\"},\"sameAs\":[\"https:\/\/facebook.com\/fbHiljainenKansa\/\",\"https:\/\/instagram.com\/the_silent_people\/\"]}]}<\/script>\n<!-- \/ Yoast SEO Premium plugin. -->","yoast_head_json":{"title":"Das Wiesencaf\u00e9 beim Stillen Volk","description":"Willkommen im Wiesencaf\u00e9 beim Stillen Volk! Wiesencaf\u00e9 bietet Reisenden auf der Fernstra\u00dfe 5 (E63) ein unvergessliches Erlebnis.","robots":{"index":"index","follow":"follow","max-snippet":"max-snippet:-1","max-image-preview":"max-image-preview:large","max-video-preview":"max-video-preview:-1"},"canonical":"https:\/\/niittykahvila.fi\/de\/","og_locale":"de_DE","og_type":"article","og_title":"Das Wiesencaf\u00e9 beim Stillen Volk &#8211; Hiljaisen Kansan Niittykahvila","og_description":"Willkommen im Wiesencaf\u00e9 beim Stillen Volk! Wiesencaf\u00e9 bietet Reisenden auf der Fernstra\u00dfe 5 (E63) ein unvergessliches Erlebnis.","og_url":"https:\/\/niittykahvila.fi\/de\/","og_site_name":"Hiljaisen Kansan Niittykahvila","article_publisher":"https:\/\/facebook.com\/fbHiljainenKansa\/","article_modified_time":"2026-01-08T12:41:46+00:00","og_image":[{"url":"http:\/\/niittykahvila.fi\/wp-content\/uploads\/Icon_1.png","type":"","width":"","height":""}],"twitter_card":"summary_large_image","twitter_misc":{"Gesch\u00e4tzte Lesezeit":"5\u00a0Minuten"},"schema":{"@context":"https:\/\/schema.org","@graph":[{"@type":"WebPage","@id":"https:\/\/niittykahvila.fi\/de\/","url":"https:\/\/niittykahvila.fi\/de\/","name":"Das Wiesencaf\u00e9 beim Stillen Volk","isPartOf":{"@id":"https:\/\/niittykahvila.fi\/de\/#website"},"primaryImageOfPage":{"@id":"https:\/\/niittykahvila.fi\/de\/#primaryimage"},"image":{"@id":"https:\/\/niittykahvila.fi\/de\/#primaryimage"},"thumbnailUrl":"http:\/\/niittykahvila.fi\/wp-content\/uploads\/Icon_1.png","datePublished":"2023-03-24T08:45:57+00:00","dateModified":"2026-01-08T12:41:46+00:00","description":"Willkommen im Wiesencaf\u00e9 beim Stillen Volk! Wiesencaf\u00e9 bietet Reisenden auf der Fernstra\u00dfe 5 (E63) ein unvergessliches Erlebnis.","breadcrumb":{"@id":"https:\/\/niittykahvila.fi\/de\/#breadcrumb"},"inLanguage":"de","potentialAction":[{"@type":"ReadAction","target":["https:\/\/niittykahvila.fi\/de\/"]}]},{"@type":"ImageObject","inLanguage":"de","@id":"https:\/\/niittykahvila.fi\/de\/#primaryimage","url":"http:\/\/niittykahvila.fi\/wp-content\/uploads\/Icon_1.png","contentUrl":"http:\/\/niittykahvila.fi\/wp-content\/uploads\/Icon_1.png"},{"@type":"BreadcrumbList","@id":"https:\/\/niittykahvila.fi\/de\/#breadcrumb","itemListElement":[{"@type":"ListItem","position":1,"name":"Hiljaisen Kansan Niittykahvila","item":"https:\/\/niittykahvila.fi\/de\/"},{"@type":"ListItem","position":2,"name":"Das Wiesencaf\u00e9 beim Stillen Volk"}]},{"@type":"WebSite","@id":"https:\/\/niittykahvila.fi\/de\/#website","url":"https:\/\/niittykahvila.fi\/de\/","name":"Hiljaisen Kansan Niittykahvila","description":"","publisher":{"@id":"https:\/\/niittykahvila.fi\/de\/#organization"},"alternateName":"The Silent People","potentialAction":[{"@type":"SearchAction","target":{"@type":"EntryPoint","urlTemplate":"https:\/\/niittykahvila.fi\/de\/?s={search_term_string}"},"query-input":{"@type":"PropertyValueSpecification","valueRequired":true,"valueName":"search_term_string"}}],"inLanguage":"de"},{"@type":"Organization","@id":"https:\/\/niittykahvila.fi\/de\/#organization","name":"Hiljaisen Kansan Niittykahvila","alternateName":"The Silent People","url":"https:\/\/niittykahvila.fi\/de\/","logo":{"@type":"ImageObject","inLanguage":"de","@id":"https:\/\/niittykahvila.fi\/de\/#\/schema\/logo\/image\/","url":"https:\/\/niittykahvila.fi\/wp-content\/uploads\/Niittykahvila.png","contentUrl":"https:\/\/niittykahvila.fi\/wp-content\/uploads\/Niittykahvila.png","width":280,"height":112,"caption":"Hiljaisen Kansan Niittykahvila"},"image":{"@id":"https:\/\/niittykahvila.fi\/de\/#\/schema\/logo\/image\/"},"sameAs":["https:\/\/facebook.com\/fbHiljainenKansa\/","https:\/\/instagram.com\/the_silent_people\/"]}]}},"_links":{"self":[{"href":"https:\/\/niittykahvila.fi\/de\/wp-json\/wp\/v2\/pages\/1042","targetHints":{"allow":["GET"]}}],"collection":[{"href":"https:\/\/niittykahvila.fi\/de\/wp-json\/wp\/v2\/pages"}],"about":[{"href":"https:\/\/niittykahvila.fi\/de\/wp-json\/wp\/v2\/types\/page"}],"author":[{"embeddable":true,"href":"https:\/\/niittykahvila.fi\/de\/wp-json\/wp\/v2\/users\/1"}],"replies":[{"embeddable":true,"href":"https:\/\/niittykahvila.fi\/de\/wp-json\/wp\/v2\/comments?post=1042"}],"version-history":[{"count":18,"href":"https:\/\/niittykahvila.fi\/de\/wp-json\/wp\/v2\/pages\/1042\/revisions"}],"predecessor-version":[{"id":1756,"href":"https:\/\/niittykahvila.fi\/de\/wp-json\/wp\/v2\/pages\/1042\/revisions\/1756"}],"wp:attachment":[{"href":"https:\/\/niittykahvila.fi\/de\/wp-json\/wp\/v2\/media?parent=1042"}],"curies":[{"name":"wp","href":"https:\/\/api.w.org\/{rel}","templated":true}]}}